{"id":964,"date":"2020-04-02T14:18:59","date_gmt":"2020-04-02T13:18:59","guid":{"rendered":"http:\/\/www.laprovet.com\/wp\/?page_id=964"},"modified":"2021-04-30T10:37:12","modified_gmt":"2021-04-30T09:37:12","slug":"politique-de-confidentialite","status":"publish","type":"page","link":"http:\/\/www.laprovet.com\/wp\/politique-de-confidentialite\/","title":{"rendered":"Politique de confidentialit\u00e9"},"content":{"rendered":"\n<h2 class=\"wp-block-heading\">Qui sommes-nous&nbsp;?<\/h2>\n\n\n\n<p>La soci\u00e9t\u00e9 Laprovet s\u2019engage \u00e0 ce que la collecte et le traitement de vos donn\u00e9es, effectu\u00e9s \u00e0 partir du site <a href=\"https:\/\/www.lestroisroches.com\/\">laprovet.com<\/a>, soient conformes \u00e0 la Loi Informatique et Libert\u00e9s ainsi qu\u2019au R\u00e8glement G\u00e9n\u00e9ral sur la Protection des Donn\u00e9es (RGPD) qui est entr\u00e9e en vigueur le 25 mai 2018. <\/p>\n\n\n\n<p>Pour toutes questions concernant cette politique de confidentialit\u00e9, vous pouvez nous contacter en utilisant les coordonn\u00e9es suivantes :<\/p>\n\n\n\n<p><strong>LAPROVET<\/strong><br>7 rue du Tertreau \u2013 Arche d\u2019Oe 2<br>37390 NOTRE DAME D\u2019OE<br>FRANCE<br>Courriel : privacy@laprovet.com<\/p>\n\n\n\n<p>La pr\u00e9sente politique de confidentialit\u00e9 (ci-apr\u00e8s \u00ab la Politique \u00bb) a pour objet de vous informer de mani\u00e8re claire, simple et compl\u00e8te sur la fa\u00e7on dont LAPROVET collecte et utilise certaines de donn\u00e9es \u00e0 caract\u00e8re personnel vous concernant, notamment via ou en relation avec ses sites ou applications mobiles, et sur les moyens dont vous disposez pour contr\u00f4ler cette utilisation et exercer vos droits s\u2019y rapportant.<\/p>\n\n\n\n<h2 class=\"wp-block-heading\">Utilisation des donn\u00e9es personnelles collect\u00e9es<\/h2>\n\n\n\n<h3 class=\"wp-block-heading\">Formulaires de contact<\/h3>\n\n\n\n<p>LAPROVET peut \u00eatre amen\u00e9e \u00e0 recueillir vos donn\u00e9es personnelles \u00e0 diff\u00e9rentes occasions (en ligne ou physiquement). <\/p>\n\n\n\n<p>Les donn\u00e9es personnelles recueillies sur le site r\u00e9sultent de la&nbsp;<strong>communication volontaire<\/strong>&nbsp;d\u2019une adresse ou de donn\u00e9es saisies volontairement dans des formulaires. Ces \u00e9l\u00e9ments ne sont utilis\u00e9s que pour satisfaire une demande de l\u2019utilisateur ou finaliser une formalit\u00e9 administrative et restent confidentielles.<\/p>\n\n\n\n<h3 class=\"wp-block-heading\">Cookies<\/h3>\n\n\n\n<p>Lors de la navigation sur notre site, des cookies peuvent \u00eatre d\u00e9pos\u00e9s sur votre terminal (ordinateur, smartphone, tablette), sous r\u00e9serve des choix que vous auriez exprim\u00e9s et que vous pourrez modifier \u00e0 tout moment.<br>Un cookie est un petit fichier texte contenant des informations relatives \u00e0 la navigation sur ce site, dont le principal objectif est d\u2019am\u00e9liorer leur consultation et de permettre d\u2019adresser des services personnalis\u00e9s.<br>Ces cookies sont soumis au consentement de l\u2019Utilisateur.<\/p>\n\n\n\n<h4 class=\"wp-block-heading\"><strong>Cookies internes n\u00e9cessaires au site pour fonctionner<\/strong><\/h4>\n\n\n\n<p>Ces cookies permettent au site de fonctionner de mani\u00e8re optimale. Vous pouvez vous y opposer et les supprimer en utilisant les param\u00e8tres de votre navigateur, cependant votre exp\u00e9rience utilisateur risque d\u2019\u00eatre d\u00e9grad\u00e9e.<\/p>\n\n\n\n<figure class=\"wp-block-table\"><table><tbody><tr><td><strong>Nom brut du cookie<\/strong><\/td><td><strong>Nom courant du cookie<\/strong><\/td><td><strong>Finalit\u00e9s<\/strong><\/td><td><strong>Editeur du cookie<\/strong><\/td><td><strong>Dur\u00e9e de conservation<\/strong><\/td><\/tr><tr><td>PHPSESSID<\/td><td>Session de PHP<\/td><td>Permet de g\u00e9rer la session d\u2019un internaute sur son navigateur.<\/td><td>Laprovet<\/td><td>Jusqu\u2019\u00e0 la fermeture du navigateur.<\/td><\/tr><tr><td>tarteaucitron<\/td><td>Tarte au citron<\/td><td>Gestionnaire de consentement des cookies<\/td><td>Tarte au citron<\/td><td>Jusqu\u2019\u00e0 suppression par l\u2019utilisateur ou, par d\u00e9faut, 13 mois.<\/td><\/tr><\/tbody><\/table><\/figure>\n\n\n\n<h4 class=\"wp-block-heading\"><strong>Cookies de mesure d\u2019audience<\/strong><\/h4>\n\n\n\n<p>En vue d\u2019adapter le site aux demandes de ses visiteurs, le nombre de visites, le nombre de pages vues ainsi que l\u2019activit\u00e9 des visiteurs sur le site et leur fr\u00e9quence de retour sont mesur\u00e9s via Google Analytics, lequel g\u00e9n\u00e8re les cookies suivants :<\/p>\n\n\n\n<figure class=\"wp-block-table\"><table><tbody><tr><td><strong>Nom brut du cookie<\/strong><\/td><td><strong>Nom courant du cookie<\/strong><\/td><td><strong>Finalit\u00e9s<\/strong><\/td><td><strong>Editeur du cookie<\/strong><\/td><td><strong>Dur\u00e9e de conservation<\/strong><\/td><\/tr><tr><td>_ga ;&nbsp; &nbsp;_gid ; _gat<\/td><td>Google Analytics<\/td><td>Analyse du trafic du site internet pour Google et Laprovet.<\/td><td>Google<\/td><td>Jusqu\u2019\u00e0 suppression par l\u2019utilisateur ou, par d\u00e9faut, 13 mois.<\/td><\/tr><\/tbody><\/table><\/figure>\n\n\n\n<p>Certains services tiers utilis\u00e9s sur notre site Internet (Google Maps, Google ReCAPTCHA, etc.) peuvent d\u00e9poser des cookies sur votre ordinateur. Vous pouvez s\u00e9lectionner quel(s) cookie(s) vous autorisez en cliquant sur le lien \u00ab Gestion des cookies \u00bb qui se trouve dans le pied-de-page de ce site Internet.<\/p>\n\n\n\n<h3 class=\"wp-block-heading\">Contenu embarqu\u00e9 depuis d\u2019autres sites<\/h3>\n\n\n\n<p>Les articles de ce site peuvent inclure des contenus int\u00e9gr\u00e9s (par exemple des vid\u00e9os, images, articles\u2026). Le contenu int\u00e9gr\u00e9 depuis d\u2019autres sites se comporte de la m\u00eame mani\u00e8re que si le visiteur se rendait sur cet autre site.<\/p>\n\n\n\n<p>Ces sites web pourraient collecter des donn\u00e9es sur vous, utiliser des cookies, embarquer des outils de suivis tiers, suivre vos interactions avec ces contenus embarqu\u00e9s si vous disposez d\u2019un compte connect\u00e9 sur leur site web.<\/p>\n\n\n\n<h3 class=\"wp-block-heading\">Statistiques et mesures d\u2019audience<\/h3>\n\n\n\n<p>Nous utilisons le service Google Analytics afin de mesurer les visites sur notre site Internet. Vous avez la possibilit\u00e9 de d\u00e9sactiver ce service gr\u00e2ce au lien&nbsp;\u00ab&nbsp;Gestion des cookies&nbsp;\u00bb qui se trouve dans le bas de page.<\/p>\n\n\n\n<h2 class=\"wp-block-heading\">Utilisation et transmission de vos donn\u00e9es personnelles<\/h2>\n\n\n\n<h3 class=\"wp-block-heading\">Dur\u00e9es de stockage de vos donn\u00e9es<\/h3>\n\n\n\n<p>LAPROVET ne conserve vos donn\u00e9es personnelles que pour le temps n\u00e9cessaire \u00e0 l\u2019accomplissement des finalit\u00e9s poursuivies, sous r\u00e9serve des possibilit\u00e9s l\u00e9gales d\u2019archivage, d\u2019obligations de conservation de certaines donn\u00e9es et\/ou d\u2019anonymisation.<br><br>Ces dur\u00e9es de conservation sont d\u00e9finies en fonction des finalit\u00e9s de traitement et tiennent notamment compte des dispositions l\u00e9gales applicables imposant une dur\u00e9e de conservation pr\u00e9cise.<br><br>Ainsi, les donn\u00e9es personnelles recueillies sur ce site ne seront conserv\u00e9es au-del\u00e0 de 36 mois que si le dossier concernant ces donn\u00e9es est actif. En cas d\u2019inactivit\u00e9, les donn\u00e9es personnelles seront supprim\u00e9es au maximum dans les 36 mois suivant la collecte. <\/p>\n\n\n\n<p>Les cookies sont stock\u00e9s jusqu\u2019\u00e0 suppression par l\u2019utilisateur ou, par d\u00e9faut, 13 mois.<\/p>\n\n\n\n<h3 class=\"wp-block-heading\">Transmission de vos donn\u00e9es personnelles<\/h3>\n\n\n\n<p>Les donn\u00e9es personnelles recueillies sur ce site ne sont utilis\u00e9es que dans le cadre d\u2019une d\u00e9marche administrative par les services internes \u00e0 la soci\u00e9t\u00e9 LAPROVET. Ces donn\u00e9es ne peuvent en aucun \u00eatre transmises \u00e0 des tiers \u00e0 des fins commerciales ou autre.<br><br>Nos prestataires de services habilit\u00e9s peuvent t \u00eatre amen\u00e9s \u00e0 traiter vos donn\u00e9es personnelles strictement n\u00e9cessaires \u00e0 la r\u00e9alisation des prestations que nous leur confions : il s\u2019agit plus particuli\u00e8rement des prestataires en charge de la gestion de la relation client, de l\u2019envoi d\u2019emails, du stockage de donn\u00e9es &#8230;<br><br>Dans certaines circonstances, nous pouvons transf\u00e9rer vos donn\u00e9es personnelles en dehors de l&rsquo;UE dans des pays qui n&rsquo;offrent pas une protection suffisante dans le traitement des donn\u00e9es personnelles selon les normes de l&rsquo;UE. Dans ce cas, nous s\u00e9curiserons le transfert et le traitement avec un cadre juridique appropri\u00e9 pour assurer un niveau \u00e9lev\u00e9 de protection des donn\u00e9es, quel que soit l&rsquo;endroit o\u00f9 vos informations sont trait\u00e9es. Le transfert peut \u00eatre bas\u00e9 sur le \u00ab Privacy Shield \u00bb, un processus d&rsquo;auto-enregistrement qui fournit aux entreprises un m\u00e9canisme pour se conformer aux exigences de l&rsquo;UE en mati\u00e8re de protection des donn\u00e9es.<br><br>De m\u00eame, nous pouvons \u00eatre amen\u00e9s \u00e0 partager ces donn\u00e9es avec des administrations et organismes publics en application des dispositions l\u00e9gales.<\/p>\n\n\n\n<h2 class=\"wp-block-heading\">Quels sont vos droits ?<\/h2>\n\n\n\n<p>Sous r\u00e9serve des conditions pr\u00e9vues par la r\u00e9glementation en vigueur, vous disposez \u00e0 l\u2019\u00e9gard de vos donn\u00e9es personnelles des droits suivants :<br><br>&#8211; Droit d\u2019information sur le traitement de vos donn\u00e9es personnelles<br>&#8211; Droit d\u2019acc\u00e8s, de rectification et \u00e0 l\u2019effacement (ou \u00ab droit \u00e0 l\u2019oubli \u00bb) de vos donn\u00e9es personnelles<br>&#8211; Droit \u00e0 la limitation du traitement de vos donn\u00e9es personnelles<br>&#8211; Droit d\u2019opposition y compris \u00e0 la prospection<br>&#8211; Droit \u00e0 la portabilit\u00e9 des donn\u00e9es personnelles<br>&#8211; Droit de retrait du consentement au traitement des donn\u00e9es personnelles<br>&#8211; Droit d\u2019introduire une r\u00e9clamation aupr\u00e8s d\u2019une autorit\u00e9 de contr\u00f4le<br>&#8211; Droit de d\u00e9cider du sort de vos donn\u00e9es personnelles apr\u00e8s votre mort.<br><\/p>\n\n\n\n<h3 class=\"wp-block-heading\">Modalit\u00e9s d&rsquo;exercice de vos droits<\/h3>\n\n\n\n<p>Conform\u00e9ment \u00e0 la loi Informatique et Libert\u00e9s du 6 janvier 1978 modifi\u00e9e, et le R\u00e8glement Europ\u00e9en G\u00e9n\u00e9ral sur la Protection des Donn\u00e9es 2016\/679 (RGPD), vous disposez des droits d\u2019acc\u00e8s, de rectification et de suppression des donn\u00e9es personnelles vous concernant que vous pouvez exercer en utilisant le formulaire de contact ou en envoyant un courrier \u00e0&nbsp;:<\/p>\n\n\n\n<p><strong>LAPROVET<\/strong><br>7 rue du Tertreau \u2013 Arche d\u2019Oe 2<br> 37390 NOTRE DAME D\u2019OE<br> FRANCE<\/p>\n\n\n\n<p>LAPROVET s\u2019engage \u00e0 vous r\u00e9pondre dans les meilleurs d\u00e9lais, et en tout \u00e9tat de cause, dans un d\u00e9lai d&rsquo;un mois \u00e0 compter de la r\u00e9ception de votre demande.<br><br>Si besoin, ce d\u00e9lai pourra \u00eatre prolong\u00e9 de deux mois, compte tenu de la complexit\u00e9 et du nombre de demandes adress\u00e9es \u00e0 LAPROVET. Dans ce cas, vous serez inform\u00e9 de cette prolongation et des motifs du report.<br><br>Si votre demande est pr\u00e9sent\u00e9e sous forme \u00e9lectronique, les informations vous seront \u00e9galement fournies par voie \u00e9lectronique lorsque cela est possible, \u00e0 moins que vous ne demandiez express\u00e9ment qu\u2019il en soit autrement.<br><br>Si LAPROVET ne donne pas suite \u00e0 votre demande, elle vous informera des motifs de son inaction et vous disposerez de la possibilit\u00e9 d&rsquo;introduire une r\u00e9clamation aupr\u00e8s d\u2019une autorit\u00e9 de contr\u00f4le et\/ou de former un recours juridictionnel.<\/p>\n\n\n\n<p><\/p>\n\n\n\n<h2 class=\"wp-block-heading\">Proc\u00e9dures mises en \u0153uvre en cas de fuite de donn\u00e9es<\/h2>\n\n\n\n<p>Conform\u00e9ment \u00e0 l\u2019article 33 du RPGD, la soci\u00e9t\u00e9 LAPROVET notifiera \u00e0 la CNIL toute violation de donn\u00e9es \u00e0 caract\u00e8re personnel pr\u00e9sentant un risque pour les droits et libert\u00e9s des personnes dans un d\u00e9lai maximum de 72 heures.<\/p>\n","protected":false},"excerpt":{"rendered":"<p>Qui sommes-nous&nbsp;? La soci\u00e9t\u00e9 Laprovet s\u2019engage \u00e0 ce que la collecte et le traitement de vos donn\u00e9es, effectu\u00e9s \u00e0 partir du site laprovet.com, soient conformes \u00e0 la Loi Informatique et Libert\u00e9s ainsi qu\u2019au R\u00e8glement G\u00e9n\u00e9ral sur la Protection des Donn\u00e9es (RGPD) qui est entr\u00e9e en vigueur le 25 mai 2018. Pour toutes questions concernant cette [&hellip;]<\/p>\n","protected":false},"author":1,"featured_media":495,"parent":0,"menu_order":0,"comment_status":"closed","ping_status":"closed","template":"","meta":[],"_links":{"self":[{"href":"http:\/\/www.laprovet.com\/wp\/wp-json\/wp\/v2\/pages\/964"}],"collection":[{"href":"http:\/\/www.laprovet.com\/wp\/wp-json\/wp\/v2\/pages"}],"about":[{"href":"http:\/\/www.laprovet.com\/wp\/wp-json\/wp\/v2\/types\/page"}],"author":[{"embeddable":true,"href":"http:\/\/www.laprovet.com\/wp\/wp-json\/wp\/v2\/users\/1"}],"replies":[{"embeddable":true,"href":"http:\/\/www.laprovet.com\/wp\/wp-json\/wp\/v2\/comments?post=964"}],"version-history":[{"count":9,"href":"http:\/\/www.laprovet.com\/wp\/wp-json\/wp\/v2\/pages\/964\/revisions"}],"predecessor-version":[{"id":1027,"href":"http:\/\/www.laprovet.com\/wp\/wp-json\/wp\/v2\/pages\/964\/revisions\/1027"}],"wp:featuredmedia":[{"embeddable":true,"href":"http:\/\/www.laprovet.com\/wp\/wp-json\/wp\/v2\/media\/495"}],"wp:attachment":[{"href":"http:\/\/www.laprovet.com\/wp\/wp-json\/wp\/v2\/media?parent=964"}],"curies":[{"name":"wp","href":"https:\/\/api.w.org\/{rel}","templated":true}]}}